{"id":1746,"date":"2021-01-12T15:37:13","date_gmt":"2021-01-12T14:37:13","guid":{"rendered":"https:\/\/independants-et-entrepreneurs.ch\/?page_id=1746"},"modified":"2021-01-12T15:37:17","modified_gmt":"2021-01-12T14:37:17","slug":"eine-million-unabhaengige-und-unternehmer-stehen-am-rande-mehrere-verbaende-laeuten-mit-dem-bund-und-den-kantonen-alarmglocken-und-fordern-sofortige-finanzielle-unterstuetzung","status":"publish","type":"page","link":"https:\/\/independants-et-entrepreneurs.ch\/de\/eine-million-unabhaengige-und-unternehmer-stehen-am-rande-mehrere-verbaende-laeuten-mit-dem-bund-und-den-kantonen-alarmglocken-und-fordern-sofortige-finanzielle-unterstuetzung\/","title":{"rendered":"Eine Million Unabh\u00e4ngige und Unternehmer stehen am Rande. Mehrere Verb\u00e4nde l\u00e4uten mit dem Bund und den Kantonen Alarmglocken und fordern sofortige finanzielle Unterst\u00fctzung"},"content":{"rendered":"\t\t<div data-elementor-type=\"wp-page\" data-elementor-id=\"1746\" class=\"elementor elementor-1746 elementor-1745\" data-elementor-post-type=\"page\">\n\t\t\t\t\t\t<section class=\"elementor-section elementor-top-section elementor-element elementor-element-5c35f50 elementor-section-boxed elementor-section-height-default elementor-section-height-default\" data-id=\"5c35f50\" data-element_type=\"section\" data-e-type=\"section\">\n\t\t\t\t\t\t<div class=\"elementor-container elementor-column-gap-default\">\n\t\t\t\t\t<div class=\"elementor-column elementor-col-100 elementor-top-column elementor-element elementor-element-46e9b04\" data-id=\"46e9b04\" data-element_type=\"column\" data-e-type=\"column\">\n\t\t\t<div class=\"elementor-widget-wrap elementor-element-populated\">\n\t\t\t\t\t\t<div class=\"elementor-element elementor-element-eb966be elementor-widget elementor-widget-heading\" data-id=\"eb966be\" data-element_type=\"widget\" data-e-type=\"widget\" data-widget_type=\"heading.default\">\n\t\t\t\t<div class=\"elementor-widget-container\">\n\t\t\t\t\t<h2 class=\"elementor-heading-title elementor-size-default\">Eine Million Unabh\u00e4ngige und Unternehmer stehen am Rande. Mehrere Verb\u00e4nde l\u00e4uten mit dem Bund und den Kantonen Alarmglocken und fordern sofortige finanzielle Unterst\u00fctzung<\/h2>\t\t\t\t<\/div>\n\t\t\t\t<\/div>\n\t\t\t\t\t<\/div>\n\t\t<\/div>\n\t\t\t\t\t<\/div>\n\t\t<\/section>\n\t\t\t\t<section class=\"elementor-section elementor-top-section elementor-element elementor-element-2325126 elementor-section-boxed elementor-section-height-default elementor-section-height-default\" data-id=\"2325126\" data-element_type=\"section\" data-e-type=\"section\">\n\t\t\t\t\t\t<div class=\"elementor-container elementor-column-gap-default\">\n\t\t\t\t\t<div class=\"elementor-column elementor-col-100 elementor-top-column elementor-element elementor-element-8720279\" data-id=\"8720279\" data-element_type=\"column\" data-e-type=\"column\">\n\t\t\t<div class=\"elementor-widget-wrap elementor-element-populated\">\n\t\t\t\t\t\t<div class=\"elementor-element elementor-element-b00f2e2 elementor-widget elementor-widget-text-editor\" data-id=\"b00f2e2\" data-element_type=\"widget\" data-e-type=\"widget\" data-widget_type=\"text-editor.default\">\n\t\t\t\t<div class=\"elementor-widget-container\">\n\t\t\t\t\t\t\t\t\t<p>Die Situation ist katastrophal. Mehrere Berufsverb\u00e4nde und Verb\u00e4nde treffen sich, um Alarm zu schlagen, bevor es zu sp\u00e4t ist: Unternehmer sind verzweifelt und kleine Gruppen fordern zivilen Ungehorsam.<\/p>\n<p>Die Hilfe ist unzureichend und schlie\u00dft zu viele Unternehmen aus. Die f\u00fcr die <sup>2.<\/sup> Welle einzurichtenden Dateien sind zu kompliziert und die Zahlung der Beihilfe dauert zu lange, w\u00e4hrend die festen Geb\u00fchren vollst\u00e4ndig f\u00e4llig bleiben (Mieten, Versicherungen, Mietvertr\u00e4ge usw.).<\/p>\n<p>Jede Restriktionsma\u00dfnahme muss innerhalb einer angemessenen Frist (max. 2 Wochen) von einer wirksamen finanziellen Unterst\u00fctzung begleitet sein.<\/p>\n<p>Wir m\u00fcssen jetzt handeln, um die endemischen Folgen zu begrenzen, die kleine und mittlere Unternehmen treffen (3 Monate Schlie\u00dfung f\u00fcr einige, ersch\u00f6pfte Reserven, unbezahlte Rechnungen, Cashflow-Probleme, R\u00fcckgang des Verbrauchs, Angst vor Kunden) und die unweigerlich zu Entlassungen f\u00fchren werden. , Konkurs und Konkurs.<\/p>\n\t\t\t\t\t\t\t\t<\/div>\n\t\t\t\t<\/div>\n\t\t\t\t\t<\/div>\n\t\t<\/div>\n\t\t\t\t\t<\/div>\n\t\t<\/section>\n\t\t\t\t<section class=\"elementor-section elementor-top-section elementor-element elementor-element-5dec647 elementor-section-boxed elementor-section-height-default elementor-section-height-default\" data-id=\"5dec647\" data-element_type=\"section\" data-e-type=\"section\">\n\t\t\t\t\t\t<div class=\"elementor-container elementor-column-gap-default\">\n\t\t\t\t\t<div class=\"elementor-column elementor-col-100 elementor-top-column elementor-element elementor-element-0d57cb4\" data-id=\"0d57cb4\" data-element_type=\"column\" data-e-type=\"column\">\n\t\t\t<div class=\"elementor-widget-wrap elementor-element-populated\">\n\t\t\t\t\t\t<div class=\"elementor-element elementor-element-b6708d1 elementor-widget elementor-widget-heading\" data-id=\"b6708d1\" data-element_type=\"widget\" data-e-type=\"widget\" data-widget_type=\"heading.default\">\n\t\t\t\t<div class=\"elementor-widget-container\">\n\t\t\t\t\t<h2 class=\"elementor-heading-title elementor-size-default\">Versammelt, um gemeinsame Ma\u00dfnahmen zu fordern:<\/h2>\t\t\t\t<\/div>\n\t\t\t\t<\/div>\n\t\t\t\t\t<\/div>\n\t\t<\/div>\n\t\t\t\t\t<\/div>\n\t\t<\/section>\n\t\t\t\t<section class=\"elementor-section elementor-top-section elementor-element elementor-element-2395108 elementor-section-boxed elementor-section-height-default elementor-section-height-default\" data-id=\"2395108\" data-element_type=\"section\" data-e-type=\"section\">\n\t\t\t\t\t\t<div class=\"elementor-container elementor-column-gap-default\">\n\t\t\t\t\t<div class=\"elementor-column elementor-col-100 elementor-top-column elementor-element elementor-element-313543c\" data-id=\"313543c\" data-element_type=\"column\" data-e-type=\"column\">\n\t\t\t<div class=\"elementor-widget-wrap elementor-element-populated\">\n\t\t\t\t\t\t<div class=\"elementor-element elementor-element-0f058c8 elementor-widget elementor-widget-text-editor\" data-id=\"0f058c8\" data-element_type=\"widget\" data-e-type=\"widget\" data-widget_type=\"text-editor.default\">\n\t\t\t\t<div class=\"elementor-widget-container\">\n\t\t\t\t\t\t\t\t\t<p>\u2022 <a href=\"https:\/\/independants-et-entrepreneurs.ch\/de\/\">Freiberufler und Unternehmer Schweiz<\/a><br \/>\u2022 <a href=\"https:\/\/www.udi-valais.ch\">UDI Union des Ind\u00e9pendants du Valais<\/a><br \/>\u2022 <a href=\"https:\/\/fspe.ch\">FSPE F\u00e9d\u00e9ration Suisse des Professionnels de l\u2019Ev\u00e9nementiel<\/a><br \/>\u2022 <a href=\"https:\/\/fvcd.ch\">FVCD F\u00e9d\u00e9ration Vaudoise du Commerce de D\u00e9tail<\/a><\/p>\n\t\t\t\t\t\t\t\t<\/div>\n\t\t\t\t<\/div>\n\t\t\t\t\t<\/div>\n\t\t<\/div>\n\t\t\t\t\t<\/div>\n\t\t<\/section>\n\t\t\t\t<section class=\"elementor-section elementor-top-section elementor-element elementor-element-ef4a63f elementor-section-boxed elementor-section-height-default elementor-section-height-default\" data-id=\"ef4a63f\" data-element_type=\"section\" data-e-type=\"section\">\n\t\t\t\t\t\t<div class=\"elementor-container elementor-column-gap-default\">\n\t\t\t\t\t<div class=\"elementor-column elementor-col-100 elementor-top-column elementor-element elementor-element-faf24c9\" data-id=\"faf24c9\" data-element_type=\"column\" data-e-type=\"column\">\n\t\t\t<div class=\"elementor-widget-wrap elementor-element-populated\">\n\t\t\t\t\t\t<div class=\"elementor-element elementor-element-1d4e3a1 elementor-widget elementor-widget-heading\" data-id=\"1d4e3a1\" data-element_type=\"widget\" data-e-type=\"widget\" data-widget_type=\"heading.default\">\n\t\t\t\t<div class=\"elementor-widget-container\">\n\t\t\t\t\t<h2 class=\"elementor-heading-title elementor-size-default\">ZUSAMMEN rufen wir den Bundesrat und die Kantone auf\n<\/h2>\t\t\t\t<\/div>\n\t\t\t\t<\/div>\n\t\t\t\t\t<\/div>\n\t\t<\/div>\n\t\t\t\t\t<\/div>\n\t\t<\/section>\n\t\t\t\t<section class=\"elementor-section elementor-top-section elementor-element elementor-element-4cb9aac elementor-section-boxed elementor-section-height-default elementor-section-height-default\" data-id=\"4cb9aac\" data-element_type=\"section\" data-e-type=\"section\">\n\t\t\t\t\t\t<div class=\"elementor-container elementor-column-gap-default\">\n\t\t\t\t\t<div class=\"elementor-column elementor-col-100 elementor-top-column elementor-element elementor-element-002f3a5\" data-id=\"002f3a5\" data-element_type=\"column\" data-e-type=\"column\">\n\t\t\t<div class=\"elementor-widget-wrap elementor-element-populated\">\n\t\t\t\t\t\t<div class=\"elementor-element elementor-element-4d9c7a0 elementor-widget elementor-widget-text-editor\" data-id=\"4d9c7a0\" data-element_type=\"widget\" data-e-type=\"widget\" data-widget_type=\"text-editor.default\">\n\t\t\t\t<div class=\"elementor-widget-container\">\n\t\t\t\t\t\t\t\t\t<p>die wirtschaftliche Unterst\u00fctzung f\u00fcr Selbstst\u00e4ndige und Unternehmer zu erh\u00f6hen &#8211; auf die gleiche Weise, wie sie restriktive Ma\u00dfnahmen auf Gesundheitsebene ergriffen haben.<\/p>\n<p style=\"text-align: center;\">&#8222;Unus pro omnibus, Omnes pro uno&#8220; (Einer f\u00fcr alle, Alle f\u00fcr einen)<br \/>Motto der Helvetischen Konf\u00f6deration, eingraviert 1902 im Bundespalast<\/p>\n<p>Die wirtschaftliche Stabilit\u00e4t h\u00e4ngt vom Vertrauen und der F\u00e4higkeit unserer Bundes- und Kantonsbeh\u00f6rden ab, innerhalb angemessener Zeit eine angemessene finanzielle Unterst\u00fctzung zu leisten.<\/p>\n\t\t\t\t\t\t\t\t<\/div>\n\t\t\t\t<\/div>\n\t\t\t\t\t<\/div>\n\t\t<\/div>\n\t\t\t\t\t<\/div>\n\t\t<\/section>\n\t\t\t\t<section class=\"elementor-section elementor-top-section elementor-element elementor-element-2c8d681 elementor-section-boxed elementor-section-height-default elementor-section-height-default\" data-id=\"2c8d681\" data-element_type=\"section\" data-e-type=\"section\">\n\t\t\t\t\t\t<div class=\"elementor-container elementor-column-gap-default\">\n\t\t\t\t\t<div class=\"elementor-column elementor-col-100 elementor-top-column elementor-element elementor-element-7ba30e8\" data-id=\"7ba30e8\" data-element_type=\"column\" data-e-type=\"column\">\n\t\t\t<div class=\"elementor-widget-wrap elementor-element-populated\">\n\t\t\t\t\t\t<div class=\"elementor-element elementor-element-5125ae0 elementor-widget elementor-widget-heading\" data-id=\"5125ae0\" data-element_type=\"widget\" data-e-type=\"widget\" data-widget_type=\"heading.default\">\n\t\t\t\t<div class=\"elementor-widget-container\">\n\t\t\t\t\t<h2 class=\"elementor-heading-title elementor-size-default\">Gemeinsam fordern wir:<\/h2>\t\t\t\t<\/div>\n\t\t\t\t<\/div>\n\t\t\t\t\t<\/div>\n\t\t<\/div>\n\t\t\t\t\t<\/div>\n\t\t<\/section>\n\t\t\t\t<section class=\"elementor-section elementor-top-section elementor-element elementor-element-5d831ae elementor-section-boxed elementor-section-height-default elementor-section-height-default\" data-id=\"5d831ae\" data-element_type=\"section\" data-e-type=\"section\">\n\t\t\t\t\t\t<div class=\"elementor-container elementor-column-gap-default\">\n\t\t\t\t\t<div class=\"elementor-column elementor-col-100 elementor-top-column elementor-element elementor-element-1add415\" data-id=\"1add415\" data-element_type=\"column\" data-e-type=\"column\">\n\t\t\t<div class=\"elementor-widget-wrap elementor-element-populated\">\n\t\t\t\t\t\t<div class=\"elementor-element elementor-element-a6f483c elementor-widget elementor-widget-text-editor\" data-id=\"a6f483c\" data-element_type=\"widget\" data-e-type=\"widget\" data-widget_type=\"text-editor.default\">\n\t\t\t\t<div class=\"elementor-widget-container\">\n\t\t\t\t\t\t\t\t\t<p>1. <b>Sofortige Zahlung (maximal innerhalb von 15 Tagen) der Beihilfe in Form einer Anzahlung.<\/b> <br \/>Stellen Sie dann eine Z\u00e4hlung entsprechend der Situation her.<\/p>\n\t\t\t\t\t\t\t\t<\/div>\n\t\t\t\t<\/div>\n\t\t\t\t\t<\/div>\n\t\t<\/div>\n\t\t\t\t\t<\/div>\n\t\t<\/section>\n\t\t\t\t<section class=\"elementor-section elementor-top-section elementor-element elementor-element-0a7384a elementor-section-boxed elementor-section-height-default elementor-section-height-default\" data-id=\"0a7384a\" data-element_type=\"section\" data-e-type=\"section\">\n\t\t\t\t\t\t<div class=\"elementor-container elementor-column-gap-default\">\n\t\t\t\t\t<div class=\"elementor-column elementor-col-100 elementor-top-column elementor-element elementor-element-479e398\" data-id=\"479e398\" data-element_type=\"column\" data-e-type=\"column\">\n\t\t\t<div class=\"elementor-widget-wrap elementor-element-populated\">\n\t\t\t\t\t\t<div class=\"elementor-element elementor-element-ad33673 elementor-widget elementor-widget-text-editor\" data-id=\"ad33673\" data-element_type=\"widget\" data-e-type=\"widget\" data-widget_type=\"text-editor.default\">\n\t\t\t\t<div class=\"elementor-widget-container\">\n\t\t\t\t\t\t\t\t\t<p class=\"MsoListParagraph\" style=\"text-align: justify; text-justify: kashida; text-kashida: 0%; text-indent: -14.2pt; line-height: normal; mso-list: l0 level1 lfo1; margin: 3.0pt 0cm 6.0pt 14.2pt;\"><span lang=\"FR-CH\" style=\"font-family: 'Arial',sans-serif; mso-fareast-font-family: Arial; mso-ansi-language: FR-CH; mso-bidi-font-weight: bold;\">2.<span style=\"font-variant-numeric: normal; font-variant-east-asian: normal; font-stretch: normal; font-size: 7pt; line-height: normal; font-family: 'Times New Roman';\">   <\/span><\/span><b><span lang=\"FR-CH\" style=\"font-family: 'Arial',sans-serif; mso-ansi-language: FR-CH;\">Die Senkung des APG Hard Case Threshold von -40% auf -20% des Umsatzes<\/span><\/b><\/p>\n<p class=\"MsoListParagraphCxSpMiddle\" style=\"mso-add-space: auto; text-align: justify; text-justify: kashida; text-kashida: 0%; text-indent: -14.2pt; line-height: normal; mso-list: l0 level2 lfo1; margin: 0cm 0cm 6.0pt 28.4pt;\"><span lang=\"FR-CH\" style=\"font-family: 'Courier New'; mso-fareast-font-family: 'Courier New'; mso-ansi-language: FR-CH; mso-bidi-font-weight: bold;\">\u00d6<span style=\"font-variant-numeric: normal; font-variant-east-asian: normal; font-stretch: normal; font-size: 7pt; line-height: normal; font-family: 'Times New Roman';\"> <\/span><\/span><span lang=\"FR-CH\" style=\"font-family: 'Arial',sans-serif; mso-ansi-language: FR-CH; mso-bidi-font-weight: bold;\">Ausnahmeregelung auf alle Branchen.<\/span><\/p>\n<p class=\"MsoListParagraphCxSpMiddle\" style=\"mso-add-space: auto; text-align: justify; text-justify: kashida; text-kashida: 0%; text-indent: -14.2pt; line-height: normal; mso-list: l0 level2 lfo1; margin: 0cm 0cm 6.0pt 28.4pt;\"><span lang=\"FR-CH\" style=\"font-family: 'Courier New'; mso-fareast-font-family: 'Courier New'; mso-ansi-language: FR-CH; mso-bidi-font-weight: bold;\">\u00d6<span style=\"font-variant-numeric: normal; font-variant-east-asian: normal; font-stretch: normal; font-size: 7pt; line-height: normal; font-family: 'Times New Roman';\"> <\/span><\/span><span lang=\"FR-CH\" style=\"font-family: 'Arial',sans-serif; mso-ansi-language: FR-CH; mso-bidi-font-weight: bold;\">Vereinfachung der Verwaltungsverfahren.<\/span><\/p>\n<p class=\"MsoListParagraphCxSpMiddle\" style=\"mso-add-space: auto; text-align: justify; text-justify: kashida; text-kashida: 0%; text-indent: -14.2pt; line-height: normal; mso-list: l0 level2 lfo1; margin: 0cm 0cm 6.0pt 28.4pt;\"><span lang=\"FR-CH\" style=\"font-family: 'Courier New'; mso-fareast-font-family: 'Courier New'; mso-ansi-language: FR-CH; mso-bidi-font-weight: bold;\">\u00d6<span style=\"font-variant-numeric: normal; font-variant-east-asian: normal; font-stretch: normal; font-size: 7pt; line-height: normal; font-family: 'Times New Roman';\"> <\/span><\/span><span lang=\"FR-CH\" style=\"font-family: 'Arial',sans-serif; mso-ansi-language: FR-CH; mso-bidi-font-weight: bold;\">APG-Unterst\u00fctzung r\u00fcckwirkend zum 16.09.2020<\/span><\/p>\n<p class=\"MsoListParagraphCxSpLast\" style=\"mso-add-space: auto; text-align: justify; text-justify: kashida; text-kashida: 0%; text-indent: -14.2pt; line-height: normal; mso-list: l0 level2 lfo1; margin: 0cm 0cm 6.0pt 28.4pt;\"><span lang=\"FR-CH\" style=\"font-family: 'Courier New'; mso-fareast-font-family: 'Courier New'; mso-ansi-language: FR-CH; mso-bidi-font-weight: bold;\">\u00d6<span style=\"font-variant-numeric: normal; font-variant-east-asian: normal; font-stretch: normal; font-size: 7pt; line-height: normal; font-family: 'Times New Roman';\"> <\/span><\/span><span lang=\"FR-CH\" style=\"font-family: 'Arial',sans-serif; mso-ansi-language: FR-CH; mso-bidi-font-weight: bold;\">APG unterst\u00fctzt bis zu 80% des angegebenen AVS-Einkommens f\u00fcr Selbstst\u00e4ndige, Manager von S\u00e0rl \/ SA und deren Ehepartner.<\/span><\/p>\n<p class=\"MsoNormal\" style=\"text-align: justify; text-justify: kashida; text-kashida: 0%; line-height: normal; margin: 0cm 0cm 0cm 14.2pt;\"><i><span lang=\"FR-CH\" style=\"font-family: 'Arial',sans-serif; mso-ansi-language: FR-CH; mso-bidi-font-weight: bold;\">Zu wissen, dass diese Hilfe die betroffenen Unternehmer nur in Bezug auf ihre privaten Kosten entlastet und nur ihr Unternehmen \u00fcberleben l\u00e4sst.<\/span><\/i><\/p>\n<p class=\"MsoNormal\" style=\"text-align: justify; text-justify: kashida; text-kashida: 0%; line-height: normal; margin: 0cm 0cm 0cm 14.2pt;\"><i style=\"color: var( --e-global-color-text ); font-family: var( --e-global-typography-text-font-family ), Sans-serif; font-weight: var( --e-global-typography-text-font-weight ); font-size: 1rem;\"><span lang=\"FR-CH\" style=\"font-family: 'Arial',sans-serif; mso-ansi-language: FR-CH; mso-bidi-font-weight: bold;\">Auf der anderen Seite sollte nicht<\/span><\/i> <i style=\"color: var( --e-global-color-text ); font-family: var( --e-global-typography-text-font-family ), Sans-serif; font-weight: var( --e-global-typography-text-font-weight ); font-size: 1rem;\"><span lang=\"FR-CH\" style=\"font-family: 'Arial',sans-serif; mso-ansi-language: FR-CH; mso-bidi-font-weight: bold;\">ignoriert werden, dass Unabh\u00e4ngige es nicht wagen konnten oder wollten, nach ihrer Schuld zu fragen.<\/span><\/i><\/p>\n<p class=\"MsoNormal\" style=\"text-align: justify; text-justify: kashida; text-kashida: 0%; line-height: normal; margin: 0cm 0cm 0cm 14.2pt;\"><i><span lang=\"FR-CH\" style=\"font-family: 'Arial',sans-serif; mso-ansi-language: FR-CH; mso-bidi-font-weight: bold;\"> w\u00e4hrend der 2. Welle wegen der Komplexit\u00e4t dieser Schritte.<\/span><\/i><\/p>\n<p class=\"MsoNormal\" style=\"text-align: justify; text-justify: kashida; text-kashida: 0%; line-height: normal; margin: 0cm 0cm 0cm 14.2pt;\"><i style=\"color: var( --e-global-color-text ); font-family: var( --e-global-typography-text-font-family ), Sans-serif; font-weight: var( --e-global-typography-text-font-weight ); font-size: 1rem;\"><span lang=\"FR-CH\" style=\"font-family: 'Arial',sans-serif; mso-ansi-language: FR-CH; mso-bidi-font-weight: bold;\">Wir sind schockiert \u00fcber die administrativen Verz\u00f6gerungen auf APG-Ebene.<\/span><\/i><\/p>\n\t\t\t\t\t\t\t\t<\/div>\n\t\t\t\t<\/div>\n\t\t\t\t\t<\/div>\n\t\t<\/div>\n\t\t\t\t\t<\/div>\n\t\t<\/section>\n\t\t\t\t<section class=\"elementor-section elementor-top-section elementor-element elementor-element-d3e232e elementor-section-boxed elementor-section-height-default elementor-section-height-default\" data-id=\"d3e232e\" data-element_type=\"section\" data-e-type=\"section\">\n\t\t\t\t\t\t<div class=\"elementor-container elementor-column-gap-default\">\n\t\t\t\t\t<div class=\"elementor-column elementor-col-100 elementor-top-column elementor-element elementor-element-ea5db26\" data-id=\"ea5db26\" data-element_type=\"column\" data-e-type=\"column\">\n\t\t\t<div class=\"elementor-widget-wrap elementor-element-populated\">\n\t\t\t\t\t\t<div class=\"elementor-element elementor-element-e33cb0c elementor-widget elementor-widget-text-editor\" data-id=\"e33cb0c\" data-element_type=\"widget\" data-e-type=\"widget\" data-widget_type=\"text-editor.default\">\n\t\t\t\t<div class=\"elementor-widget-container\">\n\t\t\t\t\t\t\t\t\t<p class=\"MsoListParagraph\" style=\"text-align: justify; text-justify: kashida; text-kashida: 0%; text-indent: -14.2pt; line-height: normal; mso-list: l0 level1 lfo1; margin: 0cm 0cm 6.0pt 14.2pt;\"><span lang=\"FR-CH\" style=\"font-family: 'Arial',sans-serif; mso-fareast-font-family: Arial; mso-ansi-language: FR-CH; mso-bidi-font-weight: bold;\">3.<span style=\"font-variant-numeric: normal; font-variant-east-asian: normal; font-stretch: normal; font-size: 7pt; line-height: normal; font-family: 'Times New Roman';\">   <\/span><\/span><b><span lang=\"FR-CH\" style=\"font-family: 'Arial',sans-serif; mso-ansi-language: FR-CH;\">Einfacher Zugang zu HRT<\/span><\/b><\/p>\n<p class=\"MsoListParagraphCxSpMiddle\" style=\"mso-add-space: auto; text-align: justify; text-justify: kashida; text-kashida: 0%; text-indent: -14.2pt; line-height: normal; mso-list: l0 level2 lfo1; margin: 0cm 0cm 6.0pt 28.4pt;\"><span lang=\"FR-CH\" style=\"font-family: 'Courier New'; mso-fareast-font-family: 'Courier New'; mso-ansi-language: FR-CH; mso-bidi-font-weight: bold;\">\u00d6<span style=\"font-variant-numeric: normal; font-variant-east-asian: normal; font-stretch: normal; font-size: 7pt; line-height: normal; font-family: 'Times New Roman';\"> <\/span><\/span><span lang=\"FR-CH\" style=\"font-family: 'Arial',sans-serif; mso-ansi-language: FR-CH; mso-bidi-font-weight: bold;\">Ber\u00fccksichtigung der Datei ab dem Datum der Hinterlegung, auch wenn diese unvollst\u00e4ndig und \/ oder mit der falschen Form ist.<\/span><\/p>\n<p class=\"MsoListParagraphCxSpMiddle\" style=\"mso-add-space: auto; text-align: justify; text-justify: kashida; text-kashida: 0%; text-indent: -14.2pt; line-height: normal; mso-list: l0 level2 lfo1; margin: 0cm 0cm 6.0pt 28.4pt;\"><span lang=\"FR-CH\" style=\"font-family: 'Courier New'; mso-fareast-font-family: 'Courier New'; mso-ansi-language: FR-CH; mso-bidi-font-weight: bold;\">\u00d6<span style=\"font-variant-numeric: normal; font-variant-east-asian: normal; font-stretch: normal; font-size: 7pt; line-height: normal; font-family: 'Times New Roman';\"> <\/span><\/span><span lang=\"FR-CH\" style=\"font-family: 'Arial',sans-serif; mso-ansi-language: FR-CH; mso-bidi-font-weight: bold;\">Vereinfachung der Verwaltungsverfahren.<\/span><\/p>\n<p class=\"MsoListParagraphCxSpMiddle\" style=\"mso-add-space: auto; text-align: justify; text-justify: kashida; text-kashida: 0%; text-indent: -14.2pt; line-height: normal; mso-list: l0 level2 lfo1; margin: 0cm 0cm 6.0pt 28.4pt;\"><span lang=\"FR-CH\" style=\"font-family: 'Courier New'; mso-fareast-font-family: 'Courier New'; mso-ansi-language: FR-CH; mso-bidi-font-weight: bold;\">\u00d6<span style=\"font-variant-numeric: normal; font-variant-east-asian: normal; font-stretch: normal; font-size: 7pt; line-height: normal; font-family: 'Times New Roman';\"> <\/span><\/span><span lang=\"FR-CH\" style=\"font-family: 'Arial',sans-serif; mso-ansi-language: FR-CH; mso-bidi-font-weight: bold;\">Erweitern Sie HRT auf CDD<\/span><\/p>\n<p class=\"MsoListParagraphCxSpMiddle\" style=\"mso-add-space: auto; text-align: justify; text-justify: kashida; text-kashida: 0%; text-indent: -14.2pt; line-height: normal; mso-list: l0 level2 lfo1; margin: 0cm 0cm 6.0pt 28.4pt;\"><span lang=\"FR-CH\" style=\"font-family: 'Courier New'; mso-fareast-font-family: 'Courier New'; mso-ansi-language: FR-CH; mso-bidi-font-weight: bold;\">\u00d6<span style=\"font-variant-numeric: normal; font-variant-east-asian: normal; font-stretch: normal; font-size: 7pt; line-height: normal; font-family: 'Times New Roman';\"> <\/span><\/span><span lang=\"FR-CH\" style=\"font-family: 'Arial',sans-serif; mso-ansi-language: FR-CH; mso-bidi-font-weight: bold;\">Unterst\u00fctzung f\u00fcr Unternehmen bei der Zahlung der Lohnkosten ihrer Mitarbeiter an HRT.<\/span><\/p>\n<p class=\"MsoListParagraphCxSpLast\" style=\"mso-add-space: auto; text-align: justify; text-justify: kashida; text-kashida: 0%; text-indent: -14.2pt; line-height: normal; mso-list: l0 level2 lfo1; margin: 0cm 0cm 6.0pt 28.4pt;\"><span lang=\"FR-CH\" style=\"font-family: 'Courier New'; mso-fareast-font-family: 'Courier New'; mso-ansi-language: FR-CH; mso-bidi-font-weight: bold;\">\u00d6<span style=\"font-variant-numeric: normal; font-variant-east-asian: normal; font-stretch: normal; font-size: 7pt; line-height: normal; font-family: 'Times New Roman';\"> <\/span><\/span><span lang=\"FR-CH\" style=\"font-family: 'Arial',sans-serif; mso-ansi-language: FR-CH; mso-bidi-font-weight: bold;\">Die RHT-Abdeckung stieg von 80% auf 100%.<\/span><\/p>\n<p class=\"MsoNormal\" style=\"text-align: justify; text-justify: kashida; text-kashida: 0%; line-height: normal; margin: 0cm 0cm 6.0pt 14.2pt;\"><i><span lang=\"FR-CH\" style=\"font-family: 'Arial',sans-serif; mso-ansi-language: FR-CH; mso-bidi-font-weight: bold;\">Wir sind schockiert \u00fcber die administrativen Verz\u00f6gerungen auf RHT-Ebene.<\/span><\/i><\/p>\n\t\t\t\t\t\t\t\t<\/div>\n\t\t\t\t<\/div>\n\t\t\t\t\t<\/div>\n\t\t<\/div>\n\t\t\t\t\t<\/div>\n\t\t<\/section>\n\t\t\t\t<section class=\"elementor-section elementor-top-section elementor-element elementor-element-74f62f8 elementor-section-boxed elementor-section-height-default elementor-section-height-default\" data-id=\"74f62f8\" data-element_type=\"section\" data-e-type=\"section\">\n\t\t\t\t\t\t<div class=\"elementor-container elementor-column-gap-default\">\n\t\t\t\t\t<div class=\"elementor-column elementor-col-100 elementor-top-column elementor-element elementor-element-000b27b\" data-id=\"000b27b\" data-element_type=\"column\" data-e-type=\"column\">\n\t\t\t<div class=\"elementor-widget-wrap elementor-element-populated\">\n\t\t\t\t\t\t<div class=\"elementor-element elementor-element-1c04acd elementor-widget elementor-widget-text-editor\" data-id=\"1c04acd\" data-element_type=\"widget\" data-e-type=\"widget\" data-widget_type=\"text-editor.default\">\n\t\t\t\t<div class=\"elementor-widget-container\">\n\t\t\t\t\t\t\t\t\t<p style=\"text-align: justify; text-justify: kashida; text-kashida: 0%; text-indent: -14.2pt; line-height: normal; mso-list: l0 level1 lfo1; margin: 0cm 0cm 6.0pt 14.2pt;\"><span lang=\"FR-CH\" style=\"font-family: 'Arial',sans-serif; mso-fareast-font-family: Arial; mso-ansi-language: FR-CH; mso-bidi-font-weight: bold;\">4.<span style=\"font-variant-numeric: normal; font-variant-east-asian: normal; font-stretch: normal; font-size: 7pt; line-height: normal; font-family: 'Times New Roman';\">   <\/span><\/span><b style=\"text-indent: -14.2pt; color: var( --e-global-color-text ); font-family: var( --e-global-typography-text-font-family ), Sans-serif; font-size: 1rem; text-align: left;\"><span lang=\"FR-CH\" style=\"font-family: 'Arial',sans-serif; mso-ansi-language: FR-CH;\">Au\u00dfergew\u00f6hnliche Covid-19-Arbeitslosenversicherung (AC)<\/span><\/b><\/p>\n<p style=\"text-align: justify; text-justify: kashida; text-kashida: 0%; text-indent: -14.2pt; line-height: normal; mso-list: l0 level2 lfo1; margin: 0cm 0cm 6.0pt 28.4pt;\"><span lang=\"FR-CH\" style=\"font-family: 'Courier New'; mso-fareast-font-family: 'Courier New'; mso-ansi-language: FR-CH; mso-bidi-font-weight: bold;\">\u00d6<span style=\"font-variant-numeric: normal; font-variant-east-asian: normal; font-stretch: normal; font-size: 7pt; line-height: normal; font-family: 'Times New Roman';\"> <\/span><\/span><span lang=\"FR-CH\" style=\"font-family: 'Arial',sans-serif; mso-ansi-language: FR-CH; mso-bidi-font-weight: bold;\">Gew\u00e4hren Sie den selbst\u00e4ndigen leitenden Angestellten von S\u00e0rl \/ SA und ihren Ehepartnern Entsch\u00e4digungen f\u00fcr diejenigen, die gezwungen sind, ihr Gesch\u00e4ft zu schlie\u00dfen, und legen Sie angemessene Regeln fest, um Missbrauch zu verhindern.<\/span><\/p>\n<p style=\"text-align: justify; text-justify: kashida; text-kashida: 0%; line-height: normal; margin: 0cm 0cm 6.0pt 14.2pt;\"><i><span lang=\"FR-CH\" style=\"font-family: 'Arial',sans-serif; mso-ansi-language: FR-CH; mso-bidi-font-weight: bold;\">Sozialhilfe ist nicht verf\u00fcgbar, wenn Sie noch \u00fcber pers\u00f6nliches Verm\u00f6gen verf\u00fcgen (Teilnahme an einer S\u00e0rl \/ SA, Immobilien, pers\u00f6nliche Ersparnisse usw.)<\/span><\/i><\/p>\n\t\t\t\t\t\t\t\t<\/div>\n\t\t\t\t<\/div>\n\t\t\t\t\t<\/div>\n\t\t<\/div>\n\t\t\t\t\t<\/div>\n\t\t<\/section>\n\t\t\t\t<section class=\"elementor-section elementor-top-section elementor-element elementor-element-ef706cc elementor-section-boxed elementor-section-height-default elementor-section-height-default\" data-id=\"ef706cc\" data-element_type=\"section\" data-e-type=\"section\">\n\t\t\t\t\t\t<div class=\"elementor-container elementor-column-gap-default\">\n\t\t\t\t\t<div class=\"elementor-column elementor-col-100 elementor-top-column elementor-element elementor-element-e265a73\" data-id=\"e265a73\" data-element_type=\"column\" data-e-type=\"column\">\n\t\t\t<div class=\"elementor-widget-wrap elementor-element-populated\">\n\t\t\t\t\t\t<div class=\"elementor-element elementor-element-2b37d84 elementor-widget elementor-widget-text-editor\" data-id=\"2b37d84\" data-element_type=\"widget\" data-e-type=\"widget\" data-widget_type=\"text-editor.default\">\n\t\t\t\t<div class=\"elementor-widget-container\">\n\t\t\t\t\t\t\t\t\t<p style=\"text-align: justify; text-justify: kashida; text-kashida: 0%; text-indent: -14.2pt; line-height: normal; mso-list: l0 level1 lfo1; margin: 0cm 0cm 6.0pt 14.2pt;\"><span lang=\"FR-CH\" style=\"font-family: 'Arial',sans-serif; mso-fareast-font-family: Arial; mso-ansi-language: FR-CH; mso-bidi-font-weight: bold;\">5.<span style=\"font-variant-numeric: normal; font-variant-east-asian: normal; font-stretch: normal; font-size: 7pt; line-height: normal; font-family: 'Times New Roman';\"> <\/span><\/span><b style=\"text-indent: -14.2pt; color: var( --e-global-color-text ); font-family: var( --e-global-typography-text-font-family ), Sans-serif; font-size: 1rem; text-align: left;\"><span lang=\"FR-CH\" style=\"font-family: 'Arial',sans-serif; mso-ansi-language: FR-CH;\">Covid-19-Darlehen<\/span><\/b> <span lang=\"FR-CH\" style=\"text-indent: -14.2pt; color: var( --e-global-color-text ); font-weight: var( --e-global-typography-text-font-weight ); font-size: 1rem; text-align: left; font-family: Arial, sans-serif;\">2021<\/span><\/p>\n<p style=\"mso-add-space: auto; text-align: justify; text-justify: kashida; text-kashida: 0%; text-indent: -14.2pt; line-height: normal; mso-list: l0 level2 lfo1; margin: 0cm 0cm 6.0pt 28.4pt;\"><span lang=\"FR-CH\" style=\"font-family: 'Courier New'; mso-fareast-font-family: 'Courier New'; mso-ansi-language: FR-CH; mso-bidi-font-weight: bold;\">\u00d6<span style=\"font-variant-numeric: normal; font-variant-east-asian: normal; font-stretch: normal; font-size: 7pt; line-height: normal; font-family: 'Times New Roman';\"> <\/span><\/span><span lang=\"FR-CH\" style=\"font-family: 'Arial',sans-serif; mso-ansi-language: FR-CH; mso-bidi-font-weight: bold;\">Reaktivieren Sie die M\u00f6glichkeit des Covid-19-Darlehens im Jahr 2021 f\u00fcr Unternehmen, die es im Jahr 2020 nicht beantragt haben.<\/span><\/p>\n<p style=\"mso-add-space: auto; text-align: justify; text-justify: kashida; text-kashida: 0%; text-indent: -14.2pt; line-height: normal; mso-list: l0 level2 lfo1; margin: 0cm 0cm 6.0pt 28.4pt;\"><span lang=\"FR-CH\" style=\"font-family: 'Courier New'; mso-fareast-font-family: 'Courier New'; mso-ansi-language: FR-CH; mso-bidi-font-weight: bold;\">\u00d6<span style=\"font-variant-numeric: normal; font-variant-east-asian: normal; font-stretch: normal; font-size: 7pt; line-height: normal; font-family: 'Times New Roman';\"> <\/span><\/span><span lang=\"FR-CH\" style=\"font-family: 'Arial',sans-serif; mso-ansi-language: FR-CH; mso-bidi-font-weight: bold;\">Geben Sie Unternehmen, die 2020 ein Covid-Darlehen erhalten haben, die M\u00f6glichkeit, es 2021 zu erh\u00f6hen.<\/span><\/p>\n<p style=\"text-align: justify; text-justify: kashida; text-kashida: 0%; text-indent: -14.2pt; line-height: normal; mso-list: l0 level2 lfo1; margin: 0cm 0cm 6.0pt 28.4pt;\"><span lang=\"FR-CH\" style=\"font-family: 'Courier New'; mso-fareast-font-family: 'Courier New'; mso-ansi-language: FR-CH; mso-bidi-font-weight: bold;\">\u00d6<span style=\"font-variant-numeric: normal; font-variant-east-asian: normal; font-stretch: normal; font-size: 7pt; line-height: normal; font-family: 'Times New Roman';\"> <\/span><\/span><span lang=\"FR-CH\" style=\"font-family: 'Arial',sans-serif; mso-ansi-language: FR-CH; mso-bidi-font-weight: bold;\">Halten Sie den Zinssatz des Covid-19-Darlehens bei 0%, wenn es vom Bundesrat erneuert wird, wenn es am 03.31.2021 abl\u00e4uft.<\/span><\/p>\n\t\t\t\t\t\t\t\t<\/div>\n\t\t\t\t<\/div>\n\t\t\t\t\t<\/div>\n\t\t<\/div>\n\t\t\t\t\t<\/div>\n\t\t<\/section>\n\t\t\t\t<section class=\"elementor-section elementor-top-section elementor-element elementor-element-3a13086 elementor-section-boxed elementor-section-height-default elementor-section-height-default\" data-id=\"3a13086\" data-element_type=\"section\" data-e-type=\"section\">\n\t\t\t\t\t\t<div class=\"elementor-container elementor-column-gap-default\">\n\t\t\t\t\t<div class=\"elementor-column elementor-col-100 elementor-top-column elementor-element elementor-element-25f15e7\" data-id=\"25f15e7\" data-element_type=\"column\" data-e-type=\"column\">\n\t\t\t<div class=\"elementor-widget-wrap elementor-element-populated\">\n\t\t\t\t\t\t<div class=\"elementor-element elementor-element-e2a145f elementor-widget elementor-widget-text-editor\" data-id=\"e2a145f\" data-element_type=\"widget\" data-e-type=\"widget\" data-widget_type=\"text-editor.default\">\n\t\t\t\t<div class=\"elementor-widget-container\">\n\t\t\t\t\t\t\t\t\t<p style=\"text-align: justify; text-justify: kashida; text-kashida: 0%; text-indent: -14.2pt; line-height: normal; mso-list: l0 level1 lfo1; margin: 0cm 0cm 6.0pt 14.2pt;\"><span lang=\"FR-CH\" style=\"font-family: 'Arial',sans-serif; mso-fareast-font-family: Arial; mso-ansi-language: FR-CH; mso-bidi-font-weight: bold;\">6.<span style=\"font-variant-numeric: normal; font-variant-east-asian: normal; font-stretch: normal; font-size: 7pt; line-height: normal; font-family: 'Times New Roman';\">   <\/span><\/span><b style=\"text-indent: -14.2pt; color: var( --e-global-color-text ); font-family: var( --e-global-typography-text-font-family ), Sans-serif; font-size: 1rem; text-align: left;\"><span lang=\"FR-CH\" style=\"font-family: 'Arial',sans-serif; mso-ansi-language: FR-CH;\">Gewerbliche Mieten<\/span><\/b><\/p>\n<p style=\"mso-add-space: auto; text-align: justify; text-justify: kashida; text-kashida: 0%; text-indent: -14.2pt; line-height: normal; mso-list: l0 level2 lfo1; margin: 0cm 0cm 6.0pt 1.0cm;\"><span lang=\"FR-CH\" style=\"font-family: 'Courier New'; mso-fareast-font-family: 'Courier New'; mso-ansi-language: FR-CH; mso-bidi-font-weight: bold;\">\u00d6<span style=\"font-variant-numeric: normal; font-variant-east-asian: normal; font-stretch: normal; font-size: 7pt; line-height: normal; font-family: 'Times New Roman';\"> <\/span><\/span><span lang=\"FR-CH\" style=\"font-family: 'Arial',sans-serif; mso-ansi-language: FR-CH; mso-bidi-font-weight: bold;\">Erhalten Sie<\/span> <b><span lang=\"FR-CH\" style=\"font-family: 'Arial',sans-serif; mso-ansi-language: FR-CH;\">Hilfe f\u00fcr gewerbliche Mieten<\/span><\/b><span lang=\"FR-CH\" style=\"font-family: 'Arial',sans-serif; mso-ansi-language: FR-CH; mso-bidi-font-weight: bold;\">ob der Eigent\u00fcmer an der Anstrengung teilnimmt oder nicht. Dies r\u00fcckwirkend f\u00fcr mindestens 3 Monate im Jahr 2020 und f\u00fcr 2021 f\u00fcr die Monate, in denen der Bundesrat eine Schlie\u00dfung verh\u00e4ngen wird.<\/span><\/p>\n<p style=\"mso-add-space: auto; text-align: justify; text-justify: kashida; text-kashida: 0%; text-indent: -14.2pt; line-height: normal; mso-list: l0 level2 lfo1; margin: 0cm 0cm 6.0pt 1.0cm;\"><span lang=\"FR-CH\" style=\"font-family: 'Courier New'; mso-fareast-font-family: 'Courier New'; mso-ansi-language: FR-CH; mso-bidi-font-weight: bold;\">\u00d6<span style=\"font-variant-numeric: normal; font-variant-east-asian: normal; font-stretch: normal; font-size: 7pt; line-height: normal; font-family: 'Times New Roman';\"> <\/span><\/span><b><span lang=\"FR-CH\" style=\"font-family: 'Arial',sans-serif; mso-ansi-language: FR-CH;\">F\u00fcgen Sie dem Leasinggesetz eine K\u00fcndigungsklausel f\u00fcr \u201espezielle Coronaviren\u201c hinzu<\/span><\/b><span lang=\"FR-CH\" style=\"font-family: 'Arial',sans-serif; mso-ansi-language: FR-CH; mso-bidi-font-weight: bold;\"> auf die au\u00dferordentlichen K\u00fcndigungsgr\u00fcnde des Mieters. Im Falle einer Pandemie oder eines \u00e4hnlichen Ereignisses, das die Fortsetzung der gewerblichen Aktivit\u00e4ten erheblich einschr\u00e4nken w\u00fcrde, h\u00e4tten betroffene (gewerbliche) Mieter die M\u00f6glichkeit, einen langfristigen Mietvertrag vor der Laufzeit zu k\u00fcndigen oder anzupassen.<\/span><\/p>\n<p style=\"text-align: justify; text-justify: kashida; text-kashida: 0%; line-height: normal; margin: 0cm 0cm 6.0pt 1.0cm;\"><i><span lang=\"FR-CH\" style=\"font-family: 'Arial',sans-serif; mso-ansi-language: FR-CH; mso-bidi-font-weight: bold;\">Dies soll die M\u00f6glichkeit geben, den Mietvertrag ausnahmsweise im Jahr 2021 einseitig innerhalb eines Zeitraums von maximal 3 Monaten zu k\u00fcndigen.<\/span><\/i><\/p>\n\t\t\t\t\t\t\t\t<\/div>\n\t\t\t\t<\/div>\n\t\t\t\t\t<\/div>\n\t\t<\/div>\n\t\t\t\t\t<\/div>\n\t\t<\/section>\n\t\t\t\t<section class=\"elementor-section elementor-top-section elementor-element elementor-element-5f2f43f elementor-section-boxed elementor-section-height-default elementor-section-height-default\" data-id=\"5f2f43f\" data-element_type=\"section\" data-e-type=\"section\">\n\t\t\t\t\t\t<div class=\"elementor-container elementor-column-gap-default\">\n\t\t\t\t\t<div class=\"elementor-column elementor-col-100 elementor-top-column elementor-element elementor-element-b27ab95\" data-id=\"b27ab95\" data-element_type=\"column\" data-e-type=\"column\">\n\t\t\t<div class=\"elementor-widget-wrap elementor-element-populated\">\n\t\t\t\t\t\t<div class=\"elementor-element elementor-element-a5e1709 elementor-widget elementor-widget-text-editor\" data-id=\"a5e1709\" data-element_type=\"widget\" data-e-type=\"widget\" data-widget_type=\"text-editor.default\">\n\t\t\t\t<div class=\"elementor-widget-container\">\n\t\t\t\t\t\t\t\t\t<p style=\"text-align: justify; text-justify: kashida; text-kashida: 0%; text-indent: -14.2pt; line-height: normal; mso-list: l0 level1 lfo1; margin: 0cm 0cm 6.0pt 14.2pt;\"><span lang=\"FR-CH\" style=\"font-family: 'Arial',sans-serif; mso-fareast-font-family: Arial; mso-ansi-language: FR-CH; mso-bidi-font-weight: bold;\">7.<span style=\"font-variant-numeric: normal; font-variant-east-asian: normal; font-stretch: normal; font-size: 7pt; line-height: normal; font-family: 'Times New Roman';\">   <\/span><\/span><b style=\"text-indent: -14.2pt; color: var( --e-global-color-text ); font-family: var( --e-global-typography-text-font-family ), Sans-serif; font-size: 1rem; text-align: left;\"><span lang=\"FR-CH\" style=\"font-family: 'Arial',sans-serif; mso-ansi-language: FR-CH;\">Arbeitsgruppe \u201eKollektive Intelligenz\u201c der Kantone und des Bundes<\/span><\/b><\/p>\n<p style=\"text-align: justify; text-justify: kashida; text-kashida: 0%; line-height: normal; margin: 0cm 0cm 6.0pt 14.2pt;\"><span lang=\"FR-CH\" style=\"font-family: 'Arial',sans-serif; mso-ansi-language: FR-CH; mso-bidi-font-weight: bold;\">Damit Unternehmer und die \u00d6ffentlichkeit die angek\u00fcndigten Ma\u00dfnahmen verstehen und akzeptieren k\u00f6nnen, ist es wichtig, dass die Er\u00f6ffnungs- \/ Schlie\u00dfungskriterien transparent sind und klar kommuniziert, identisch und gem\u00e4\u00df einem vordefinierten Barometer koordiniert werden.<\/span><\/p>\n<p style=\"text-align: justify; text-justify: kashida; text-kashida: 0%; line-height: normal; margin: 0cm 0cm 6.0pt 14.2pt;\"><span lang=\"FR-CH\" style=\"font-family: 'Arial',sans-serif; mso-ansi-language: FR-CH; mso-bidi-font-weight: bold;\">Gesundheitsziele mit sozialen, menschlichen und wirtschaftlichen Zielen relativieren (die auferlegten Ma\u00dfnahmen f\u00fchren auch zu einer Vielzahl von psychischen Belastungssituationen).<\/span><\/p>\n<p style=\"mso-add-space: auto; text-align: justify; text-justify: kashida; text-kashida: 0%; text-indent: -14.2pt; line-height: normal; mso-list: l0 level2 lfo1; margin: 0cm 0cm 6.0pt 28.4pt;\"><span lang=\"FR-CH\" style=\"font-family: 'Courier New'; mso-fareast-font-family: 'Courier New'; mso-ansi-language: FR-CH; mso-bidi-font-weight: bold;\">\u00d6<span style=\"font-variant-numeric: normal; font-variant-east-asian: normal; font-stretch: normal; font-size: 7pt; line-height: normal; font-family: 'Times New Roman';\">  <\/span><\/span><span lang=\"FR-CH\" style=\"font-family: 'Arial',sans-serif; mso-ansi-language: FR-CH; mso-bidi-font-weight: bold;\">Richten Sie ein <b>Taskforce \u201eKollektive Intelligenz\u201c in jedem Kanton<\/b> die politische Welt, die Wirtschaftswelt und die Unternehmer sowie die Gesundheitswelt zusammenzubringen, um innovative und pragmatische L\u00f6sungen zu finden, die die Entwicklung der Epidemie verlangsamen und gleichzeitig die Auswirkungen auf die Wirtschaft begrenzen Schaffung eines g\u00fcnstigen Umfelds f\u00fcr die Erneuerung in dieser Krise.<\/span><\/p>\n<p style=\"mso-add-space: auto; text-align: justify; text-justify: kashida; text-kashida: 0%; line-height: normal; margin: 0cm 0cm 6.0pt 28.4pt;\"><i><span lang=\"FR-CH\" style=\"font-family: 'Arial',sans-serif; mso-ansi-language: FR-CH; mso-bidi-font-weight: bold;\">Seit 9 Monaten bemerken \u201enicht wesentliche\u201c Unternehmer, wenn sie geschlossen sind, dass sich die \u00d6ffentlichkeit in offenen \u201ewesentlichen\u201c Unternehmen und im \u00f6ffentlichen Verkehr versammelt, w\u00e4hrend wir mehr Einrichtungen \/ Strukturen offen haben k\u00f6nnten geeignete restriktive Ma\u00dfnahmen (z. B. Anzahl der Kunden pro m2, Kundenverfolgung usw.)<\/span><\/i><\/p>\n<p style=\"mso-add-space: auto; text-align: justify; text-justify: kashida; text-kashida: 0%; text-indent: -14.2pt; line-height: normal; mso-list: l0 level2 lfo1; margin: 0cm 0cm 6.0pt 28.4pt;\"><span lang=\"FR-CH\" style=\"font-family: 'Courier New'; mso-fareast-font-family: 'Courier New'; mso-ansi-language: FR-CH; mso-bidi-font-weight: bold;\">\u00d6<span style=\"font-variant-numeric: normal; font-variant-east-asian: normal; font-stretch: normal; font-size: 7pt; line-height: normal; font-family: 'Times New Roman';\"> <\/span><\/span><span lang=\"FR-CH\" style=\"font-family: 'Arial',sans-serif; mso-ansi-language: FR-CH; mso-bidi-font-weight: bold;\">Einrichtung einer<\/span> <b><span lang=\"FR-CH\" style=\"font-family: 'Arial',sans-serif; mso-ansi-language: FR-CH;\">f\u00f6deralen Taskforce f\u00fcr \u201ekollektive Intelligenz\u201c,<\/span><\/b> <span lang=\"FR-CH\" style=\"font-family: 'Arial',sans-serif; mso-ansi-language: FR-CH; mso-bidi-font-weight: bold;\">die auf nationaler Ebene arbeitet, die Ideen und Innovationen der kantonalen Taskforce sammelt und die auf Bundesebene geltenden Anpassungen anpasst.<\/span><\/p>\n<p style=\"mso-add-space: auto; text-align: justify; text-justify: kashida; text-kashida: 0%; text-indent: -14.2pt; line-height: normal; mso-list: l0 level2 lfo1; margin: 0cm 0cm 6.0pt 28.4pt;\"><span lang=\"FR-CH\" style=\"font-family: 'Courier New'; mso-fareast-font-family: 'Courier New'; mso-ansi-language: FR-CH; mso-bidi-font-weight: bold;\">\u00d6<span style=\"font-variant-numeric: normal; font-variant-east-asian: normal; font-stretch: normal; font-size: 7pt; line-height: normal; font-family: 'Times New Roman';\"> <\/span><\/span><span lang=\"FR-CH\" style=\"font-family: 'Arial',sans-serif; mso-ansi-language: FR-CH; mso-bidi-font-weight: bold;\">Erleichterung des Zugangs zu Informationen \u00fcber Selbstst\u00e4ndige und Unternehmer auf Bundes- oder Kantonebene.<\/span><\/p>\n<p style=\"mso-add-space: auto; text-align: justify; text-justify: kashida; text-kashida: 0%; text-indent: -14.2pt; line-height: normal; mso-list: l0 level2 lfo1; margin: 0cm 0cm 6.0pt 28.4pt;\"><span lang=\"FR-CH\" style=\"font-family: 'Courier New'; mso-fareast-font-family: 'Courier New'; mso-ansi-language: FR-CH; mso-bidi-font-weight: bold;\">\u00d6<span style=\"font-variant-numeric: normal; font-variant-east-asian: normal; font-stretch: normal; font-size: 7pt; line-height: normal; font-family: 'Times New Roman';\"> <\/span><\/span><span lang=\"FR-CH\" style=\"font-family: 'Arial',sans-serif; mso-ansi-language: FR-CH; mso-bidi-font-weight: bold;\">Richten Sie ein<\/span> <b><span lang=\"FR-CH\" style=\"font-family: 'Arial',sans-serif; mso-ansi-language: FR-CH;\">Gesundheitsbarometer<\/span><\/b> <span lang=\"FR-CH\" style=\"font-family: 'Arial',sans-serif; mso-ansi-language: FR-CH; mso-bidi-font-weight: bold;\">f\u00fcr die Kantone ein, damit Unternehmer und die Bev\u00f6lkerung verstehen, was mit ihnen geschieht, und ihnen die M\u00f6glichkeit zur Planung geben (Regieren ist Planen).<\/span><\/p>\n<p style=\"mso-add-space: auto; text-align: justify; text-justify: kashida; text-kashida: 0%; text-indent: -14.2pt; line-height: normal; mso-list: l0 level2 lfo1; margin: 0cm 0cm 6.0pt 28.4pt;\"><span lang=\"FR-CH\" style=\"font-family: 'Courier New'; mso-fareast-font-family: 'Courier New'; mso-ansi-language: FR-CH; mso-bidi-font-weight: bold;\">\u00d6<span style=\"font-variant-numeric: normal; font-variant-east-asian: normal; font-stretch: normal; font-size: 7pt; line-height: normal; font-family: 'Times New Roman';\"> <\/span><\/span><span lang=\"FR-CH\" style=\"font-family: 'Arial',sans-serif; mso-ansi-language: FR-CH; mso-bidi-font-weight: bold;\">Richten Sie<\/span> <b><span lang=\"FR-CH\" style=\"font-family: 'Arial',sans-serif; mso-ansi-language: FR-CH;\">zwei<\/span><\/b> <span lang=\"FR-CH\" style=\"font-family: 'Arial',sans-serif; mso-ansi-language: FR-CH; mso-bidi-font-weight: bold;\">kantonale Barometer f\u00fcr APG und RHTs die es erm\u00f6glichen, zu beurteilen ,wie schnell jeder Kanton reagiert auf die Anforderungen ihrer Unternehmen.<\/span><\/p>\n<p style=\"mso-add-space: auto; text-align: justify; text-justify: kashida; text-kashida: 0%; line-height: normal; margin: 0cm 0cm 6.0pt 28.4pt;\"><i><span lang=\"FR-CH\" style=\"font-family: 'Arial',sans-serif; mso-ansi-language: FR-CH; mso-bidi-font-weight: bold;\">Zwingen Sie je nach Barometer die Einstellung neuer Mitarbeiter, um die Nachfrage zu befriedigen.<\/span><\/i><\/p>\n\t\t\t\t\t\t\t\t<\/div>\n\t\t\t\t<\/div>\n\t\t\t\t\t<\/div>\n\t\t<\/div>\n\t\t\t\t\t<\/div>\n\t\t<\/section>\n\t\t\t\t<section class=\"elementor-section elementor-top-section elementor-element elementor-element-cfaef6d elementor-section-boxed elementor-section-height-default elementor-section-height-default\" data-id=\"cfaef6d\" data-element_type=\"section\" data-e-type=\"section\">\n\t\t\t\t\t\t<div class=\"elementor-container elementor-column-gap-default\">\n\t\t\t\t\t<div class=\"elementor-column elementor-col-100 elementor-top-column elementor-element elementor-element-568fe7b\" data-id=\"568fe7b\" data-element_type=\"column\" data-e-type=\"column\">\n\t\t\t<div class=\"elementor-widget-wrap elementor-element-populated\">\n\t\t\t\t\t\t<div class=\"elementor-element elementor-element-bf22f1b elementor-widget elementor-widget-heading\" data-id=\"bf22f1b\" data-element_type=\"widget\" data-e-type=\"widget\" data-widget_type=\"heading.default\">\n\t\t\t\t<div class=\"elementor-widget-container\">\n\t\t\t\t\t<h3 class=\"elementor-heading-title elementor-size-default\">\u00dcber<\/h3>\t\t\t\t<\/div>\n\t\t\t\t<\/div>\n\t\t\t\t\t<\/div>\n\t\t<\/div>\n\t\t\t\t\t<\/div>\n\t\t<\/section>\n\t\t\t\t<section class=\"elementor-section elementor-top-section elementor-element elementor-element-632767d elementor-section-boxed elementor-section-height-default elementor-section-height-default\" data-id=\"632767d\" data-element_type=\"section\" data-e-type=\"section\">\n\t\t\t\t\t\t<div class=\"elementor-container elementor-column-gap-default\">\n\t\t\t\t\t<div class=\"elementor-column elementor-col-100 elementor-top-column elementor-element elementor-element-fe39bc4\" data-id=\"fe39bc4\" data-element_type=\"column\" data-e-type=\"column\">\n\t\t\t<div class=\"elementor-widget-wrap elementor-element-populated\">\n\t\t\t\t\t\t<div class=\"elementor-element elementor-element-d748c85 elementor-widget elementor-widget-text-editor\" data-id=\"d748c85\" data-element_type=\"widget\" data-e-type=\"widget\" data-widget_type=\"text-editor.default\">\n\t\t\t\t<div class=\"elementor-widget-container\">\n\t\t\t\t\t\t\t\t\t<p>In der Schweiz repr\u00e4sentieren Selbstst\u00e4ndige und Unternehmer mehr als 1 Million der 4,7 Millionen Erwerbst\u00e4tigen. Sie sind wie folgt verteilt:<\/p>\n<ul>\n<li>~ 597.000 Selbstst\u00e4ndige laut OFS <a href=\"https:\/\/www.bfs.admin.ch\/bfs\/fr\/home\/statistiques\/travail-remuneration\/enquetes\/espa.html\">ESPA<\/a>\n<ul>\n<li>55% \u00fcben ihre T\u00e4tigkeit ohne Mitarbeiter aus<\/li>\n<li>160&#8217;611 Einzelunternehmen (EI), eingetragen im Handelsregister (RC) gem\u00e4\u00df ZEFIX<\/li>\n<\/ul>\n<\/li>\n<li>~ 209&#8217;000 S\u00e0rl gem\u00e4\u00df ZEFIX im Handelsregister (RC) eingetragen<\/li>\n<li>~ 221.000 SA gem\u00e4\u00df ZEFIX im Handelsregister (RC) eingetragen<\/li>\n<li>~ 860.000 S\u00e0rl \/ SA-Manager, wenn man bedenkt, dass jeder aus 2 Managern besteht<\/li>\n<\/ul>\n<p>Daher vertreten wir laut OFS <a href=\"https:\/\/www.kmu.admin.ch\/kmu\/fr\/home\/faits-et-tendances\/politique-pme-faits-et-chiffres\/chiffres-sur-les-pme\/entreprises-et-emplois.html\">STATENT<\/a> zwischen 1 und 1,5 Millionen Menschen (~ 32% des Verm\u00f6gens) und 89% der KMU (1 bis 9 Mitarbeiter)<\/p>\n\t\t\t\t\t\t\t\t<\/div>\n\t\t\t\t<\/div>\n\t\t\t\t\t<\/div>\n\t\t<\/div>\n\t\t\t\t\t<\/div>\n\t\t<\/section>\n\t\t\t\t<section class=\"elementor-section elementor-top-section elementor-element elementor-element-bee54a7 elementor-section-boxed elementor-section-height-default elementor-section-height-default\" data-id=\"bee54a7\" data-element_type=\"section\" data-e-type=\"section\">\n\t\t\t\t\t\t<div class=\"elementor-container elementor-column-gap-default\">\n\t\t\t\t\t<div class=\"elementor-column elementor-col-100 elementor-top-column elementor-element elementor-element-61ca926\" data-id=\"61ca926\" data-element_type=\"column\" data-e-type=\"column\">\n\t\t\t<div class=\"elementor-widget-wrap elementor-element-populated\">\n\t\t\t\t\t\t<div class=\"elementor-element elementor-element-686f956 elementor-widget elementor-widget-text-editor\" data-id=\"686f956\" data-element_type=\"widget\" data-e-type=\"widget\" data-widget_type=\"text-editor.default\">\n\t\t\t\t<div class=\"elementor-widget-container\">\n\t\t\t\t\t\t\t\t\t<p class=\"MsoNormal\" style=\"margin-bottom: 6.0pt; text-align: justify; text-justify: kashida; text-kashida: 0%; line-height: normal;\"><b><span lang=\"FR-CH\" style=\"font-family: 'Arial',sans-serif; mso-ansi-language: FR-CH;\">Das<\/span><\/b> <span lang=\"FR\"><a href=\"https:\/\/independants-et-entrepreneurs.ch\/de\/\"><b><span lang=\"FR-CH\" style=\"font-family: 'Arial',sans-serif; mso-ansi-language: FR-CH;\">Schweizer Kollektiv f\u00fcr Unabh\u00e4ngige und Unternehmer<\/span><\/b><\/a><\/span><b><\/b><\/p>\n<p class=\"MsoNormal\" style=\"text-align: justify; text-justify: kashida; text-kashida: 0%; line-height: normal; margin: 0cm 0cm 6.0pt 36.0pt;\"><span lang=\"FR-CH\" style=\"font-family: 'Arial',sans-serif; mso-ansi-language: FR-CH;\">ist eine <b>Plattform f\u00fcr Austausch und Information<\/b> , an der fast 10.000 Mitglieder teilnehmen, und <b>Partner f\u00fcr politische und sozio\u00f6konomische Kreise<\/b> , um langfristig einen besseren sozialen Schutz f\u00fcr Selbstst\u00e4ndige und Unternehmer zu erreichen .<br \/><span style=\"color: var( --e-global-color-text ); font-weight: var( --e-global-typography-text-font-weight ); font-size: 1rem;\">Das Kollektiv hat bereits eine eingehende Reflexion \u00fcber Gesellschaft und Wirtschaft begonnen, die wir heute einf\u00fchren m\u00fcssen<\/span> <b style=\"color: var( --e-global-color-text ); font-size: 1rem;\">, um einen Rechtsrahmen zu entwickeln, der mehr als 20 Jahre alt<\/b> <span style=\"color: var( --e-global-color-text ); font-weight: var( --e-global-typography-text-font-weight ); font-size: 1rem;\">und diskriminierend ist. f\u00fcr Unternehmer \/ KMU, wie diese Gesundheitskrise zeigt<br \/> <\/span><a style=\"font-weight: var( --e-global-typography-text-font-weight ); background-color: #ffffff; font-size: 1rem;\" href=\"https:\/\/independants-et-entrepreneurs.ch\/de\/\">https:\/\/independants-et-entrepreneurs.ch<\/a><span style=\"color: var( --e-global-color-text ); font-weight: var( --e-global-typography-text-font-weight ); font-size: 1rem;\"><br \/><\/span><\/span><\/p>\n\t\t\t\t\t\t\t\t<\/div>\n\t\t\t\t<\/div>\n\t\t\t\t\t<\/div>\n\t\t<\/div>\n\t\t\t\t\t<\/div>\n\t\t<\/section>\n\t\t\t\t<section class=\"elementor-section elementor-top-section elementor-element elementor-element-5639d98 elementor-section-boxed elementor-section-height-default elementor-section-height-default\" data-id=\"5639d98\" data-element_type=\"section\" data-e-type=\"section\">\n\t\t\t\t\t\t<div class=\"elementor-container elementor-column-gap-default\">\n\t\t\t\t\t<div class=\"elementor-column elementor-col-100 elementor-top-column elementor-element elementor-element-71cc5b0\" data-id=\"71cc5b0\" data-element_type=\"column\" data-e-type=\"column\">\n\t\t\t<div class=\"elementor-widget-wrap elementor-element-populated\">\n\t\t\t\t\t\t<div class=\"elementor-element elementor-element-ecdc2d9 elementor-widget elementor-widget-text-editor\" data-id=\"ecdc2d9\" data-element_type=\"widget\" data-e-type=\"widget\" data-widget_type=\"text-editor.default\">\n\t\t\t\t<div class=\"elementor-widget-container\">\n\t\t\t\t\t\t\t\t\t<p class=\"MsoNormal\"><b><span lang=\"FR-CH\" style=\"font-family: 'Arial',sans-serif; mso-ansi-language: FR-CH;\">L\u2019Union des Ind\u00e9pendants du Valais (UDI Valais)<\/span><\/b><\/p>\n<p class=\"MsoNormal\" style=\"margin-left: 36.0pt;\"><span lang=\"FR-CH\" style=\"font-family: 'Arial',sans-serif; mso-ansi-language: FR-CH;\">ist ein Verein, der sich zum Ziel gesetzt hat, die Rechte und Interessen der Selbst\u00e4ndigen zu verteidigen und ihre W\u00fcnsche, Sorgen und Schwierigkeiten bekannt zu machen. <br \/><span style=\"color: var( --e-global-color-text ); font-weight: var( --e-global-typography-text-font-weight ); font-size: 1rem;\">Es organisiert auch viele Schulungsveranstaltungen f\u00fcr seine Mitglieder.<br \/><\/span><a style=\"font-family: var( --e-global-typography-text-font-family ), Sans-serif; font-weight: var( --e-global-typography-text-font-weight ); background-color: #ffffff; font-size: 1rem;\" href=\"https:\/\/www.udi-valais.ch\/\"><span lang=\"FR-CH\" style=\"font-family: 'Arial',sans-serif; mso-ansi-language: FR-CH;\">https:\/\/www.udi-valais.ch<\/span><\/a><span style=\"color: var( --e-global-color-text ); font-weight: var( --e-global-typography-text-font-weight ); font-size: 1rem;\"><br \/><\/span><\/span><\/p>\n\t\t\t\t\t\t\t\t<\/div>\n\t\t\t\t<\/div>\n\t\t\t\t\t<\/div>\n\t\t<\/div>\n\t\t\t\t\t<\/div>\n\t\t<\/section>\n\t\t\t\t<section class=\"elementor-section elementor-top-section elementor-element elementor-element-6494492 elementor-section-boxed elementor-section-height-default elementor-section-height-default\" data-id=\"6494492\" data-element_type=\"section\" data-e-type=\"section\">\n\t\t\t\t\t\t<div class=\"elementor-container elementor-column-gap-default\">\n\t\t\t\t\t<div class=\"elementor-column elementor-col-100 elementor-top-column elementor-element elementor-element-e515251\" data-id=\"e515251\" data-element_type=\"column\" data-e-type=\"column\">\n\t\t\t<div class=\"elementor-widget-wrap elementor-element-populated\">\n\t\t\t\t\t\t<div class=\"elementor-element elementor-element-5fcac9b elementor-widget elementor-widget-text-editor\" data-id=\"5fcac9b\" data-element_type=\"widget\" data-e-type=\"widget\" data-widget_type=\"text-editor.default\">\n\t\t\t\t<div class=\"elementor-widget-container\">\n\t\t\t\t\t\t\t\t\t<p class=\"MsoNormal\"><b><span lang=\"FR-CH\" style=\"font-family: 'Arial',sans-serif; mso-ansi-language: FR-CH;\">La F\u00e9d\u00e9ration Suisse des Professionnels de l&#8217;\u00c9v\u00e9nementiel (FSPE)<\/span><\/b><\/p>\n<p class=\"MsoNormal\" style=\"margin-left: 36.0pt;\"><span lang=\"FR-CH\" style=\"font-family: 'Arial',sans-serif; mso-ansi-language: FR-CH;\">bringt Unternehmen zusammen, die von der Organisation von Veranstaltungen in der Schweiz abh\u00e4ngig sind, mit 226 passiven Mitgliedern und 15 Mitgliedsunternehmen nach weniger als einem Monat ihres Bestehens.<br \/><span style=\"color: var( --e-global-color-text ); font-weight: var( --e-global-typography-text-font-weight ); font-size: 1rem;\">Der Veranstaltungssektor, der zu 100% von Gesundheitsma\u00dfnahmen betroffen war, musste 11 Monate lang fast vollst\u00e4ndig stillgelegt werden, was 2020 zu Verlusten von 60 bis 85% f\u00fchrte.<\/span><span style=\"color: var( --e-global-color-text ); font-weight: var( --e-global-typography-text-font-weight ); font-size: 1rem;\">Sie wurden von der Kulturbeihilfe ausgeschlossen, dh 11 Monate ohne Entsch\u00e4digung. Die Bosse sind v\u00f6llig allein, um diese kolossalen Verluste zu \u00fcbernehmen.<br \/><\/span><a style=\"font-family: var( --e-global-typography-text-font-family ), Sans-serif; font-weight: var( --e-global-typography-text-font-weight ); background-color: #ffffff; font-size: 1rem;\" href=\"https:\/\/fspe.ch\/\"><span lang=\"FR-CH\" style=\"font-family: 'Arial',sans-serif; mso-ansi-language: FR-CH;\">https:\/\/fspe.ch<\/span><\/a><span style=\"color: var( --e-global-color-text ); font-weight: var( --e-global-typography-text-font-weight ); font-size: 1rem;\"><br \/><\/span><\/span><\/p>\n\t\t\t\t\t\t\t\t<\/div>\n\t\t\t\t<\/div>\n\t\t\t\t\t<\/div>\n\t\t<\/div>\n\t\t\t\t\t<\/div>\n\t\t<\/section>\n\t\t\t\t<section class=\"elementor-section elementor-top-section elementor-element elementor-element-88436fa elementor-section-boxed elementor-section-height-default elementor-section-height-default\" data-id=\"88436fa\" data-element_type=\"section\" data-e-type=\"section\">\n\t\t\t\t\t\t<div class=\"elementor-container elementor-column-gap-default\">\n\t\t\t\t\t<div class=\"elementor-column elementor-col-100 elementor-top-column elementor-element elementor-element-4698979\" data-id=\"4698979\" data-element_type=\"column\" data-e-type=\"column\">\n\t\t\t<div class=\"elementor-widget-wrap elementor-element-populated\">\n\t\t\t\t\t\t<div class=\"elementor-element elementor-element-fab11a6 elementor-widget elementor-widget-text-editor\" data-id=\"fab11a6\" data-element_type=\"widget\" data-e-type=\"widget\" data-widget_type=\"text-editor.default\">\n\t\t\t\t<div class=\"elementor-widget-container\">\n\t\t\t\t\t\t\t\t\t<p class=\"MsoNormal\"><b><span lang=\"FR-CH\" style=\"font-family: 'Arial',sans-serif; mso-ansi-language: FR-CH;\">La F\u00e9d\u00e9ration Vaudoise du Commerce de D\u00e9tail (FVCD)<\/span><\/b><\/p>\n<p class=\"MsoNormal\" style=\"text-indent: 36.0pt;\"><span lang=\"FR-CH\" style=\"font-family: 'Arial',sans-serif; mso-ansi-language: FR-CH;\">vertritt Einzelhandelsverb\u00e4nde im Kanton Waadt<\/span><\/p>\n<p class=\"MsoNormal\" style=\"text-indent: 36.0pt;\"><span lang=\"FR-CH\" style=\"font-family: 'Arial',sans-serif; mso-ansi-language: FR-CH;\"><a style=\"text-indent: 36pt; font-family: var( --e-global-typography-text-font-family ), Sans-serif; font-weight: var( --e-global-typography-text-font-weight ); background-color: #ffffff; font-size: 1rem;\" href=\"https:\/\/fvcd.ch\/\"><span lang=\"FR-CH\" style=\"font-family: 'Arial',sans-serif; mso-ansi-language: FR-CH;\">https:\/\/fvcd.ch<\/span><\/a><br \/><\/span><\/p>\n\t\t\t\t\t\t\t\t<\/div>\n\t\t\t\t<\/div>\n\t\t\t\t\t<\/div>\n\t\t<\/div>\n\t\t\t\t\t<\/div>\n\t\t<\/section>\n\t\t\t\t<section class=\"elementor-section elementor-top-section elementor-element elementor-element-982ca94 elementor-section-boxed elementor-section-height-default elementor-section-height-default\" data-id=\"982ca94\" data-element_type=\"section\" data-e-type=\"section\">\n\t\t\t\t\t\t<div class=\"elementor-container elementor-column-gap-default\">\n\t\t\t\t\t<div class=\"elementor-column elementor-col-100 elementor-top-column elementor-element elementor-element-0be9124\" data-id=\"0be9124\" data-element_type=\"column\" data-e-type=\"column\">\n\t\t\t<div class=\"elementor-widget-wrap elementor-element-populated\">\n\t\t\t\t\t\t<div class=\"elementor-element elementor-element-74a6f5c elementor-widget elementor-widget-text-editor\" data-id=\"74a6f5c\" data-element_type=\"widget\" data-e-type=\"widget\" data-widget_type=\"text-editor.default\">\n\t\t\t\t<div class=\"elementor-widget-container\">\n\t\t\t\t\t\t\t\t\t<p><strong><u>Pressekontakt:<\/u><\/strong> <u>Claude Christophi<\/u><br \/>kollektiver Vertreter \u00ab <a href=\"https:\/\/independants-et-entrepreneurs.ch\/de\/\">Ind\u00e9pendants et Entrepreneurs Suisse<\/a> \u00bb<br \/>Termin <a href=\"http:\/\/i-et-e.ch\/booking\">http:\/\/i-et-e.ch\/booking<\/a><br \/><a href=\"mailto:contact@independants-et-entrepreneurs.ch\">contact@independants-et-entrepreneurs.ch<\/a><\/p>\n\t\t\t\t\t\t\t\t<\/div>\n\t\t\t\t<\/div>\n\t\t\t\t\t<\/div>\n\t\t<\/div>\n\t\t\t\t\t<\/div>\n\t\t<\/section>\n\t\t\t\t<\/div>\n\t\t","protected":false},"excerpt":{"rendered":"<p>Eine Million Unabh\u00e4ngige und Unternehmer stehen am Rande. Mehrere Verb\u00e4nde l\u00e4uten mit dem Bund und den Kantonen Alarmglocken und fordern sofortige finanzielle Unterst\u00fctzung Die Situation ist katastrophal. Mehrere Berufsverb\u00e4nde und Verb\u00e4nde treffen sich, um Alarm zu schlagen, bevor es zu sp\u00e4t ist: Unternehmer sind verzweifelt und kleine Gruppen fordern zivilen Ungehorsam. Die Hilfe ist unzureichend [&hellip;]<\/p>\n","protected":false},"author":1,"featured_media":1763,"parent":0,"menu_order":0,"comment_status":"closed","ping_status":"closed","template":"elementor_header_footer","meta":{"footnotes":""},"categories":[84,43,35],"tags":[],"class_list":["post-1746","page","type-page","status-publish","has-post-thumbnail","hentry","category-medienmitteilungen","category-offentliche-zone","category-zone-public"],"yoast_head":"<!-- This site is optimized with the Yoast SEO plugin v26.8 - https:\/\/yoast.com\/product\/yoast-seo-wordpress\/ -->\n<title>Eine Million Unabh\u00e4ngige und Unternehmer stehen am Rande. Mehrere Verb\u00e4nde l\u00e4uten mit dem Bund und den Kantonen Alarmglocken und fordern sofortige finanzielle Unterst\u00fctzung - Wir sind Selbst\u00e4ndige und Unternehmer in der Schweiz<\/title>\n<meta name=\"robots\" content=\"index, follow, max-snippet:-1, max-image-preview:large, max-video-preview:-1\" \/>\n<link rel=\"canonical\" href=\"https:\/\/independants-et-entrepreneurs.ch\/de\/eine-million-unabhaengige-und-unternehmer-stehen-am-rande-mehrere-verbaende-laeuten-mit-dem-bund-und-den-kantonen-alarmglocken-und-fordern-sofortige-finanzielle-unterstuetzung\/\" \/>\n<meta property=\"og:locale\" content=\"de_DE\" \/>\n<meta property=\"og:type\" content=\"article\" \/>\n<meta property=\"og:title\" content=\"Eine Million Unabh\u00e4ngige und Unternehmer stehen am Rande. Mehrere Verb\u00e4nde l\u00e4uten mit dem Bund und den Kantonen Alarmglocken und fordern sofortige finanzielle Unterst\u00fctzung - Wir sind Selbst\u00e4ndige und Unternehmer in der Schweiz\" \/>\n<meta property=\"og:description\" content=\"Eine Million Unabh\u00e4ngige und Unternehmer stehen am Rande. Mehrere Verb\u00e4nde l\u00e4uten mit dem Bund und den Kantonen Alarmglocken und fordern sofortige finanzielle Unterst\u00fctzung Die Situation ist katastrophal. Mehrere Berufsverb\u00e4nde und Verb\u00e4nde treffen sich, um Alarm zu schlagen, bevor es zu sp\u00e4t ist: Unternehmer sind verzweifelt und kleine Gruppen fordern zivilen Ungehorsam. Die Hilfe ist unzureichend [&hellip;]\" \/>\n<meta property=\"og:url\" content=\"https:\/\/independants-et-entrepreneurs.ch\/de\/eine-million-unabhaengige-und-unternehmer-stehen-am-rande-mehrere-verbaende-laeuten-mit-dem-bund-und-den-kantonen-alarmglocken-und-fordern-sofortige-finanzielle-unterstuetzung\/\" \/>\n<meta property=\"og:site_name\" content=\"Wir sind Selbst\u00e4ndige und Unternehmer in der Schweiz\" \/>\n<meta property=\"article:publisher\" content=\"https:\/\/www.facebook.com\/independants.et.entrepreneurs.ch\" \/>\n<meta property=\"article:modified_time\" content=\"2021-01-12T14:37:17+00:00\" \/>\n<meta property=\"og:image\" content=\"https:\/\/i1.wp.com\/independants-et-entrepreneurs.ch\/wp-content\/uploads\/2021\/01\/Sorry-we-are-closed.png?fit=1080%2C1080&ssl=1\" \/>\n\t<meta property=\"og:image:width\" content=\"1080\" \/>\n\t<meta property=\"og:image:height\" content=\"1080\" \/>\n\t<meta property=\"og:image:type\" content=\"image\/png\" \/>\n<meta name=\"twitter:card\" content=\"summary_large_image\" \/>\n<meta name=\"twitter:site\" content=\"@Independant_eCH\" \/>\n<meta name=\"twitter:label1\" content=\"Gesch\u00e4tzte Lesezeit\" \/>\n\t<meta name=\"twitter:data1\" content=\"7\u00a0Minuten\" \/>\n<script type=\"application\/ld+json\" class=\"yoast-schema-graph\">{\"@context\":\"https:\/\/schema.org\",\"@graph\":[{\"@type\":\"WebPage\",\"@id\":\"https:\/\/independants-et-entrepreneurs.ch\/de\/eine-million-unabhaengige-und-unternehmer-stehen-am-rande-mehrere-verbaende-laeuten-mit-dem-bund-und-den-kantonen-alarmglocken-und-fordern-sofortige-finanzielle-unterstuetzung\/\",\"url\":\"https:\/\/independants-et-entrepreneurs.ch\/de\/eine-million-unabhaengige-und-unternehmer-stehen-am-rande-mehrere-verbaende-laeuten-mit-dem-bund-und-den-kantonen-alarmglocken-und-fordern-sofortige-finanzielle-unterstuetzung\/\",\"name\":\"Eine Million Unabh\u00e4ngige und Unternehmer stehen am Rande. Mehrere Verb\u00e4nde l\u00e4uten mit dem Bund und den Kantonen Alarmglocken und fordern sofortige finanzielle Unterst\u00fctzung - Wir sind Selbst\u00e4ndige und Unternehmer in der Schweiz\",\"isPartOf\":{\"@id\":\"https:\/\/independants-et-entrepreneurs.ch\/de\/#website\"},\"primaryImageOfPage\":{\"@id\":\"https:\/\/independants-et-entrepreneurs.ch\/de\/eine-million-unabhaengige-und-unternehmer-stehen-am-rande-mehrere-verbaende-laeuten-mit-dem-bund-und-den-kantonen-alarmglocken-und-fordern-sofortige-finanzielle-unterstuetzung\/#primaryimage\"},\"image\":{\"@id\":\"https:\/\/independants-et-entrepreneurs.ch\/de\/eine-million-unabhaengige-und-unternehmer-stehen-am-rande-mehrere-verbaende-laeuten-mit-dem-bund-und-den-kantonen-alarmglocken-und-fordern-sofortige-finanzielle-unterstuetzung\/#primaryimage\"},\"thumbnailUrl\":\"https:\/\/independants-et-entrepreneurs.ch\/wp-content\/uploads\/2021\/01\/Sorry-we-are-closed.png\",\"datePublished\":\"2021-01-12T14:37:13+00:00\",\"dateModified\":\"2021-01-12T14:37:17+00:00\",\"breadcrumb\":{\"@id\":\"https:\/\/independants-et-entrepreneurs.ch\/de\/eine-million-unabhaengige-und-unternehmer-stehen-am-rande-mehrere-verbaende-laeuten-mit-dem-bund-und-den-kantonen-alarmglocken-und-fordern-sofortige-finanzielle-unterstuetzung\/#breadcrumb\"},\"inLanguage\":\"de\",\"potentialAction\":[{\"@type\":\"ReadAction\",\"target\":[\"https:\/\/independants-et-entrepreneurs.ch\/de\/eine-million-unabhaengige-und-unternehmer-stehen-am-rande-mehrere-verbaende-laeuten-mit-dem-bund-und-den-kantonen-alarmglocken-und-fordern-sofortige-finanzielle-unterstuetzung\/\"]}]},{\"@type\":\"ImageObject\",\"inLanguage\":\"de\",\"@id\":\"https:\/\/independants-et-entrepreneurs.ch\/de\/eine-million-unabhaengige-und-unternehmer-stehen-am-rande-mehrere-verbaende-laeuten-mit-dem-bund-und-den-kantonen-alarmglocken-und-fordern-sofortige-finanzielle-unterstuetzung\/#primaryimage\",\"url\":\"https:\/\/independants-et-entrepreneurs.ch\/wp-content\/uploads\/2021\/01\/Sorry-we-are-closed.png\",\"contentUrl\":\"https:\/\/independants-et-entrepreneurs.ch\/wp-content\/uploads\/2021\/01\/Sorry-we-are-closed.png\",\"width\":1080,\"height\":1080},{\"@type\":\"BreadcrumbList\",\"@id\":\"https:\/\/independants-et-entrepreneurs.ch\/de\/eine-million-unabhaengige-und-unternehmer-stehen-am-rande-mehrere-verbaende-laeuten-mit-dem-bund-und-den-kantonen-alarmglocken-und-fordern-sofortige-finanzielle-unterstuetzung\/#breadcrumb\",\"itemListElement\":[{\"@type\":\"ListItem\",\"position\":1,\"name\":\"Accueil\",\"item\":\"https:\/\/independants-et-entrepreneurs.ch\/de\/\"},{\"@type\":\"ListItem\",\"position\":2,\"name\":\"Eine Million Unabh\u00e4ngige und Unternehmer stehen am Rande. Mehrere Verb\u00e4nde l\u00e4uten mit dem Bund und den Kantonen Alarmglocken und fordern sofortige finanzielle Unterst\u00fctzung\"}]},{\"@type\":\"WebSite\",\"@id\":\"https:\/\/independants-et-entrepreneurs.ch\/de\/#website\",\"url\":\"https:\/\/independants-et-entrepreneurs.ch\/de\/\",\"name\":\"Wir sind Selbst\u00e4ndige und Unternehmer in der Schweiz\",\"description\":\"une plateforme de communication pour le monde politique, \u00e9conomique, et m\u00e9diatique\",\"publisher\":{\"@id\":\"https:\/\/independants-et-entrepreneurs.ch\/de\/#organization\"},\"inLanguage\":\"de\"},{\"@type\":\"Organization\",\"@id\":\"https:\/\/independants-et-entrepreneurs.ch\/de\/#organization\",\"name\":\"Ind\u00e9pendants et Entrepreneurs en Suisse\",\"url\":\"https:\/\/independants-et-entrepreneurs.ch\/de\/\",\"logo\":{\"@type\":\"ImageObject\",\"inLanguage\":\"de\",\"@id\":\"https:\/\/independants-et-entrepreneurs.ch\/de\/#\/schema\/logo\/image\/\",\"url\":\"https:\/\/i0.wp.com\/independants-et-entrepreneurs.ch\/wp-content\/uploads\/2020\/05\/cropped-LogoPhoto_Independants-et-Entrepreneurs.jpg?fit=512%2C512&ssl=1\",\"contentUrl\":\"https:\/\/i0.wp.com\/independants-et-entrepreneurs.ch\/wp-content\/uploads\/2020\/05\/cropped-LogoPhoto_Independants-et-Entrepreneurs.jpg?fit=512%2C512&ssl=1\",\"width\":512,\"height\":512,\"caption\":\"Ind\u00e9pendants et Entrepreneurs en Suisse\"},\"image\":{\"@id\":\"https:\/\/independants-et-entrepreneurs.ch\/de\/#\/schema\/logo\/image\/\"},\"sameAs\":[\"https:\/\/www.facebook.com\/independants.et.entrepreneurs.ch\",\"https:\/\/x.com\/Independant_eCH\",\"https:\/\/www.instagram.com\/independants_et_entrepreneurs\",\"https:\/\/www.linkedin.com\/company\/independants-et-entrepreneurs-ch\",\"https:\/\/www.youtube.com\/channel\/UCkegkScKycSq81wtnbaZHEA\"]}]}<\/script>\n<!-- \/ Yoast SEO plugin. -->","yoast_head_json":{"title":"Eine Million Unabh\u00e4ngige und Unternehmer stehen am Rande. Mehrere Verb\u00e4nde l\u00e4uten mit dem Bund und den Kantonen Alarmglocken und fordern sofortige finanzielle Unterst\u00fctzung - Wir sind Selbst\u00e4ndige und Unternehmer in der Schweiz","robots":{"index":"index","follow":"follow","max-snippet":"max-snippet:-1","max-image-preview":"max-image-preview:large","max-video-preview":"max-video-preview:-1"},"canonical":"https:\/\/independants-et-entrepreneurs.ch\/de\/eine-million-unabhaengige-und-unternehmer-stehen-am-rande-mehrere-verbaende-laeuten-mit-dem-bund-und-den-kantonen-alarmglocken-und-fordern-sofortige-finanzielle-unterstuetzung\/","og_locale":"de_DE","og_type":"article","og_title":"Eine Million Unabh\u00e4ngige und Unternehmer stehen am Rande. Mehrere Verb\u00e4nde l\u00e4uten mit dem Bund und den Kantonen Alarmglocken und fordern sofortige finanzielle Unterst\u00fctzung - Wir sind Selbst\u00e4ndige und Unternehmer in der Schweiz","og_description":"Eine Million Unabh\u00e4ngige und Unternehmer stehen am Rande. Mehrere Verb\u00e4nde l\u00e4uten mit dem Bund und den Kantonen Alarmglocken und fordern sofortige finanzielle Unterst\u00fctzung Die Situation ist katastrophal. Mehrere Berufsverb\u00e4nde und Verb\u00e4nde treffen sich, um Alarm zu schlagen, bevor es zu sp\u00e4t ist: Unternehmer sind verzweifelt und kleine Gruppen fordern zivilen Ungehorsam. Die Hilfe ist unzureichend [&hellip;]","og_url":"https:\/\/independants-et-entrepreneurs.ch\/de\/eine-million-unabhaengige-und-unternehmer-stehen-am-rande-mehrere-verbaende-laeuten-mit-dem-bund-und-den-kantonen-alarmglocken-und-fordern-sofortige-finanzielle-unterstuetzung\/","og_site_name":"Wir sind Selbst\u00e4ndige und Unternehmer in der Schweiz","article_publisher":"https:\/\/www.facebook.com\/independants.et.entrepreneurs.ch","article_modified_time":"2021-01-12T14:37:17+00:00","og_image":[{"width":1080,"height":1080,"url":"https:\/\/i1.wp.com\/independants-et-entrepreneurs.ch\/wp-content\/uploads\/2021\/01\/Sorry-we-are-closed.png?fit=1080%2C1080&ssl=1","type":"image\/png"}],"twitter_card":"summary_large_image","twitter_site":"@Independant_eCH","twitter_misc":{"Gesch\u00e4tzte Lesezeit":"7\u00a0Minuten"},"schema":{"@context":"https:\/\/schema.org","@graph":[{"@type":"WebPage","@id":"https:\/\/independants-et-entrepreneurs.ch\/de\/eine-million-unabhaengige-und-unternehmer-stehen-am-rande-mehrere-verbaende-laeuten-mit-dem-bund-und-den-kantonen-alarmglocken-und-fordern-sofortige-finanzielle-unterstuetzung\/","url":"https:\/\/independants-et-entrepreneurs.ch\/de\/eine-million-unabhaengige-und-unternehmer-stehen-am-rande-mehrere-verbaende-laeuten-mit-dem-bund-und-den-kantonen-alarmglocken-und-fordern-sofortige-finanzielle-unterstuetzung\/","name":"Eine Million Unabh\u00e4ngige und Unternehmer stehen am Rande. Mehrere Verb\u00e4nde l\u00e4uten mit dem Bund und den Kantonen Alarmglocken und fordern sofortige finanzielle Unterst\u00fctzung - Wir sind Selbst\u00e4ndige und Unternehmer in der Schweiz","isPartOf":{"@id":"https:\/\/independants-et-entrepreneurs.ch\/de\/#website"},"primaryImageOfPage":{"@id":"https:\/\/independants-et-entrepreneurs.ch\/de\/eine-million-unabhaengige-und-unternehmer-stehen-am-rande-mehrere-verbaende-laeuten-mit-dem-bund-und-den-kantonen-alarmglocken-und-fordern-sofortige-finanzielle-unterstuetzung\/#primaryimage"},"image":{"@id":"https:\/\/independants-et-entrepreneurs.ch\/de\/eine-million-unabhaengige-und-unternehmer-stehen-am-rande-mehrere-verbaende-laeuten-mit-dem-bund-und-den-kantonen-alarmglocken-und-fordern-sofortige-finanzielle-unterstuetzung\/#primaryimage"},"thumbnailUrl":"https:\/\/independants-et-entrepreneurs.ch\/wp-content\/uploads\/2021\/01\/Sorry-we-are-closed.png","datePublished":"2021-01-12T14:37:13+00:00","dateModified":"2021-01-12T14:37:17+00:00","breadcrumb":{"@id":"https:\/\/independants-et-entrepreneurs.ch\/de\/eine-million-unabhaengige-und-unternehmer-stehen-am-rande-mehrere-verbaende-laeuten-mit-dem-bund-und-den-kantonen-alarmglocken-und-fordern-sofortige-finanzielle-unterstuetzung\/#breadcrumb"},"inLanguage":"de","potentialAction":[{"@type":"ReadAction","target":["https:\/\/independants-et-entrepreneurs.ch\/de\/eine-million-unabhaengige-und-unternehmer-stehen-am-rande-mehrere-verbaende-laeuten-mit-dem-bund-und-den-kantonen-alarmglocken-und-fordern-sofortige-finanzielle-unterstuetzung\/"]}]},{"@type":"ImageObject","inLanguage":"de","@id":"https:\/\/independants-et-entrepreneurs.ch\/de\/eine-million-unabhaengige-und-unternehmer-stehen-am-rande-mehrere-verbaende-laeuten-mit-dem-bund-und-den-kantonen-alarmglocken-und-fordern-sofortige-finanzielle-unterstuetzung\/#primaryimage","url":"https:\/\/independants-et-entrepreneurs.ch\/wp-content\/uploads\/2021\/01\/Sorry-we-are-closed.png","contentUrl":"https:\/\/independants-et-entrepreneurs.ch\/wp-content\/uploads\/2021\/01\/Sorry-we-are-closed.png","width":1080,"height":1080},{"@type":"BreadcrumbList","@id":"https:\/\/independants-et-entrepreneurs.ch\/de\/eine-million-unabhaengige-und-unternehmer-stehen-am-rande-mehrere-verbaende-laeuten-mit-dem-bund-und-den-kantonen-alarmglocken-und-fordern-sofortige-finanzielle-unterstuetzung\/#breadcrumb","itemListElement":[{"@type":"ListItem","position":1,"name":"Accueil","item":"https:\/\/independants-et-entrepreneurs.ch\/de\/"},{"@type":"ListItem","position":2,"name":"Eine Million Unabh\u00e4ngige und Unternehmer stehen am Rande. Mehrere Verb\u00e4nde l\u00e4uten mit dem Bund und den Kantonen Alarmglocken und fordern sofortige finanzielle Unterst\u00fctzung"}]},{"@type":"WebSite","@id":"https:\/\/independants-et-entrepreneurs.ch\/de\/#website","url":"https:\/\/independants-et-entrepreneurs.ch\/de\/","name":"Wir sind Selbst\u00e4ndige und Unternehmer in der Schweiz","description":"une plateforme de communication pour le monde politique, \u00e9conomique, et m\u00e9diatique","publisher":{"@id":"https:\/\/independants-et-entrepreneurs.ch\/de\/#organization"},"inLanguage":"de"},{"@type":"Organization","@id":"https:\/\/independants-et-entrepreneurs.ch\/de\/#organization","name":"Ind\u00e9pendants et Entrepreneurs en Suisse","url":"https:\/\/independants-et-entrepreneurs.ch\/de\/","logo":{"@type":"ImageObject","inLanguage":"de","@id":"https:\/\/independants-et-entrepreneurs.ch\/de\/#\/schema\/logo\/image\/","url":"https:\/\/i0.wp.com\/independants-et-entrepreneurs.ch\/wp-content\/uploads\/2020\/05\/cropped-LogoPhoto_Independants-et-Entrepreneurs.jpg?fit=512%2C512&ssl=1","contentUrl":"https:\/\/i0.wp.com\/independants-et-entrepreneurs.ch\/wp-content\/uploads\/2020\/05\/cropped-LogoPhoto_Independants-et-Entrepreneurs.jpg?fit=512%2C512&ssl=1","width":512,"height":512,"caption":"Ind\u00e9pendants et Entrepreneurs en Suisse"},"image":{"@id":"https:\/\/independants-et-entrepreneurs.ch\/de\/#\/schema\/logo\/image\/"},"sameAs":["https:\/\/www.facebook.com\/independants.et.entrepreneurs.ch","https:\/\/x.com\/Independant_eCH","https:\/\/www.instagram.com\/independants_et_entrepreneurs","https:\/\/www.linkedin.com\/company\/independants-et-entrepreneurs-ch","https:\/\/www.youtube.com\/channel\/UCkegkScKycSq81wtnbaZHEA"]}]}},"jetpack_sharing_enabled":true,"jetpack_likes_enabled":true,"_links":{"self":[{"href":"https:\/\/independants-et-entrepreneurs.ch\/de\/wp-json\/wp\/v2\/pages\/1746","targetHints":{"allow":["GET"]}}],"collection":[{"href":"https:\/\/independants-et-entrepreneurs.ch\/de\/wp-json\/wp\/v2\/pages"}],"about":[{"href":"https:\/\/independants-et-entrepreneurs.ch\/de\/wp-json\/wp\/v2\/types\/page"}],"author":[{"embeddable":true,"href":"https:\/\/independants-et-entrepreneurs.ch\/de\/wp-json\/wp\/v2\/users\/1"}],"replies":[{"embeddable":true,"href":"https:\/\/independants-et-entrepreneurs.ch\/de\/wp-json\/wp\/v2\/comments?post=1746"}],"version-history":[{"count":5,"href":"https:\/\/independants-et-entrepreneurs.ch\/de\/wp-json\/wp\/v2\/pages\/1746\/revisions"}],"predecessor-version":[{"id":1770,"href":"https:\/\/independants-et-entrepreneurs.ch\/de\/wp-json\/wp\/v2\/pages\/1746\/revisions\/1770"}],"wp:featuredmedia":[{"embeddable":true,"href":"https:\/\/independants-et-entrepreneurs.ch\/de\/wp-json\/wp\/v2\/media\/1763"}],"wp:attachment":[{"href":"https:\/\/independants-et-entrepreneurs.ch\/de\/wp-json\/wp\/v2\/media?parent=1746"}],"wp:term":[{"taxonomy":"category","embeddable":true,"href":"https:\/\/independants-et-entrepreneurs.ch\/de\/wp-json\/wp\/v2\/categories?post=1746"},{"taxonomy":"post_tag","embeddable":true,"href":"https:\/\/independants-et-entrepreneurs.ch\/de\/wp-json\/wp\/v2\/tags?post=1746"}],"curies":[{"name":"wp","href":"https:\/\/api.w.org\/{rel}","templated":true}]}}